{"id":152,"date":"2011-09-26T16:20:28","date_gmt":"2011-09-26T20:20:28","guid":{"rendered":"http:\/\/www.manosdepaz.com\/?page_id=152"},"modified":"2015-03-28T11:11:35","modified_gmt":"2015-03-28T15:11:35","slug":"videos-yamasa","status":"publish","type":"page","link":"http:\/\/www.manosdepaz.org\/?page_id=152","title":{"rendered":"YAMASA 2009 &#8211; 2014"},"content":{"rendered":"<p>&nbsp;<\/p>\n<p>&nbsp;<\/p>\n<table border=\"0\" width=\"90%\" cellspacing=\"1\" cellpadding=\"1\" align=\"center\">\n<tbody>\n<tr>\n<td class=\"style2\"><strong>Navidad en Yamas\u00e1 &#8211; 2014<\/strong><\/td>\n<\/tr>\n<tr>\n<td><span class=\"style1\">Una vez m\u00e1s le damos gracias a Dios por permitir el cumplimiento de esta obra con los ni\u00f1os de la comunidad del \u00abCercadillo\u00bb, en Yamas\u00e1. Aprovechamos para agradecer a todos los hermanos y patrocinadores que hacen esto posible. <\/span><\/td>\n<\/tr>\n<tr>\n<td><\/td>\n<\/tr>\n<tr>\n<td>\n<div align=\"center\"><iframe loading=\"lazy\" src=\"http:\/\/www.youtube.com\/embed\/SbRlJWqjSAA\" width=\"576\" height=\"324\" frameborder=\"0\" allowfullscreen=\"allowfullscreen\"><\/iframe><\/div>\n<\/td>\n<\/tr>\n<tr>\n<td height=\"50\"><\/td>\n<\/tr>\n<tr>\n<td class=\"style2\"><strong>\u00datiles Escolares &#8211; 2014<\/strong><\/td>\n<\/tr>\n<tr>\n<td><span class=\"style1\">Visita anual del Ministerio de Ayuda y Misericordia a la comunidad de Yamas\u00e1, con el fin de entregar a los ni\u00f1os los aportes recibidos en forma de mochilas y dem\u00e1s \u00fatiles escolares. <\/span><\/td>\n<\/tr>\n<tr>\n<td><\/td>\n<\/tr>\n<tr>\n<td>\n<div align=\"center\"><iframe loading=\"lazy\" src=\"http:\/\/www.youtube.com\/embed\/8xvCWPrJXg8\" width=\"576\" height=\"324\" frameborder=\"0\" allowfullscreen=\"allowfullscreen\"><\/iframe><\/div>\n<\/td>\n<\/tr>\n<tr>\n<td height=\"50\"><\/td>\n<\/tr>\n<tr>\n<td class=\"style2\"><strong>Operativo Dental &#8211; 2014<\/strong><\/td>\n<\/tr>\n<tr>\n<td><span class=\"style1\">La Universidad Iberoamericana &#8211; UNIBE, a trav\u00e9s del ministerio de Ayuda y Misericordia &#8216;Manos de Paz&#8217;, realiza un operativo dental en la comunidad de &#8216;El Cercadillo&#8217;, Yamas\u00e1. <\/span><\/td>\n<\/tr>\n<tr>\n<td><\/td>\n<\/tr>\n<tr>\n<td>\n<div align=\"center\"><iframe loading=\"lazy\" src=\"http:\/\/www.youtube.com\/embed\/-Mz8yIvu5Cg\" width=\"576\" height=\"324\" frameborder=\"0\" allowfullscreen=\"allowfullscreen\"><\/iframe><\/div>\n<\/td>\n<\/tr>\n<tr>\n<td height=\"50\"><\/td>\n<\/tr>\n<tr>\n<td class=\"style2\"><strong>Yamas\u00e1 &#8211; Navidad 2013<\/strong><\/td>\n<\/tr>\n<tr>\n<td><span class=\"style1\">Visita del Ministerio de Ayuda y Misericordia a la comunidad de Yamas\u00e1 el S\u00e1bado 14 de Diciembre del 2013. Se entregaron sillas, juguetes, y en medio de<br \/>\njuegos y una sabrosa comida navide\u00f1a, se imparti\u00f3 la palabra de Dios. <\/span><\/td>\n<\/tr>\n<tr>\n<td><\/td>\n<\/tr>\n<tr>\n<td>\n<div align=\"center\"><iframe loading=\"lazy\" src=\"http:\/\/www.youtube.com\/embed\/oHdH6grzZLw\" width=\"576\" height=\"324\" frameborder=\"0\" allowfullscreen=\"allowfullscreen\"><\/iframe><\/div>\n<\/td>\n<\/tr>\n<tr>\n<td height=\"50\"><\/td>\n<\/tr>\n<tr>\n<td class=\"style2\"><strong>Yamas\u00e1 &#8211; Verano 2013<\/strong><\/td>\n<\/tr>\n<tr>\n<td><span class=\"style1\">Muy esperada visita del Ministerio de Ayuda y Misericordia a la comunidad de Yamas\u00e1, donde se entregaron mochilas y \u00fatiles escolares. Adem\u00e1s, se tomo un tiempo de oraci\u00f3n y estudio de la palabra de Dios. <\/span><\/td>\n<\/tr>\n<tr>\n<td><\/td>\n<\/tr>\n<tr>\n<td>\n<div align=\"center\"><iframe loading=\"lazy\" src=\"http:\/\/www.youtube.com\/embed\/fGogYQgYKc8\" width=\"576\" height=\"324\" frameborder=\"0\" allowfullscreen=\"allowfullscreen\"><\/iframe><\/div>\n<\/td>\n<\/tr>\n<tr>\n<td height=\"50\"><\/td>\n<\/tr>\n<tr>\n<td class=\"style2\"><strong>Yamas\u00e1 &#8211; Navidad 2012<\/strong><\/td>\n<\/tr>\n<tr>\n<td><span class=\"style1\">Visita del Ministerio de Ayuda y Misericordia a la comunidad de Yamas\u00e1 el 12 de Enero del 2013. Se entregaron Biblias, juguetes, y en medio de juegos y canciones, se imparti\u00f3 la palabra de Dios. <\/span><\/td>\n<\/tr>\n<tr>\n<td><\/td>\n<\/tr>\n<tr>\n<td>\n<div align=\"center\"><iframe loading=\"lazy\" src=\"http:\/\/www.youtube.com\/embed\/_nWrQjISajE\" width=\"576\" height=\"324\" frameborder=\"0\" allowfullscreen=\"allowfullscreen\"><\/iframe><\/div>\n<\/td>\n<\/tr>\n<tr>\n<td height=\"50\"><\/td>\n<\/tr>\n<tr>\n<td class=\"style2\"><strong>Yamas\u00e1 &#8211; Verano 2012<\/strong><\/td>\n<\/tr>\n<tr>\n<td><span class=\"style1\">De vuelta a Yamas\u00e1! A pesar de las lluvias El Se\u00f1or abrio camino para que el Ministerio de Ayuda y Misericordia cumpliera con su misi\u00f3n de llevar un mensaje de esperanza a esta comunidad, que para la gloria de Dios, hoy supera los 80 ni\u00f1os.. <\/span><\/td>\n<\/tr>\n<tr>\n<td><\/td>\n<\/tr>\n<tr>\n<td>\n<div align=\"center\"><iframe loading=\"lazy\" src=\"http:\/\/www.youtube.com\/embed\/sBlrZhuiUq0\" width=\"576\" height=\"324\" frameborder=\"0\" allowfullscreen=\"allowfullscreen\"><\/iframe><\/div>\n<\/td>\n<\/tr>\n<tr>\n<td height=\"50\"><\/td>\n<\/tr>\n<tr>\n<td class=\"style2\"><strong>Yamas\u00e1 &#8211; Navidad 2011<\/strong><\/td>\n<\/tr>\n<tr>\n<td><span class=\"style1\">Comparta con nosotros los momentos de alegr\u00eda en Yamas\u00e1 en esta epoca de reyes, en el que los ni\u00f1os reciben instrucci\u00f3n de higiene oral y personal a cargo de las Doctoras Mercedes Tactuk y Gisela Carrasco. <\/span><\/td>\n<\/tr>\n<tr>\n<td><\/td>\n<\/tr>\n<tr>\n<td>\n<div align=\"center\"><iframe loading=\"lazy\" src=\"http:\/\/www.youtube.com\/embed\/rqSDFdOEsII\" width=\"576\" height=\"324\" frameborder=\"0\" allowfullscreen=\"allowfullscreen\"><\/iframe><\/div>\n<\/td>\n<\/tr>\n<tr>\n<td height=\"50\"><\/td>\n<\/tr>\n<tr>\n<td class=\"style2\"><strong>Yamas\u00e1 &#8211; Verano 2011<\/strong><\/td>\n<\/tr>\n<tr>\n<td><span class=\"style1\">La visita presentada en este v\u00eddeo tomo lugar el s\u00e1bado 10 de Septiembre del 2011.<br \/>\nEn la presentaci\u00f3n inicial vemos a la directora del ministerio acompa\u00f1ada de Rosi R\u00f3driguez y Kirman Peguero, lider del grupo de j\u00f3venes. <\/span><\/td>\n<\/tr>\n<tr>\n<td><\/td>\n<\/tr>\n<tr>\n<td>\n<div align=\"center\"><iframe loading=\"lazy\" src=\"http:\/\/www.youtube.com\/embed\/F1e6tafqssE\" width=\"480\" height=\"360\" frameborder=\"0\" allowfullscreen=\"allowfullscreen\"><\/iframe><\/div>\n<\/td>\n<\/tr>\n<tr>\n<td height=\"50\"><\/td>\n<\/tr>\n<tr>\n<td class=\"style2\"><strong>Yamas\u00e1 &#8211; Verano 2009<\/strong><\/td>\n<\/tr>\n<tr>\n<td height=\"50\"><span class=\"style1\">Este v\u00eddeo fue capturado el 23 de Julio del a\u00f1o 2009, acompa\u00f1ados del equipo de \u00abTia Edita y la Peque\u00f1a Vi\u00f1a\u00bb.<\/span><\/td>\n<\/tr>\n<tr>\n<td>\n<div align=\"center\"><iframe loading=\"lazy\" src=\"http:\/\/www.youtube.com\/embed\/Ma6OmmhEjNo\" width=\"480\" height=\"360\" frameborder=\"0\" allowfullscreen=\"allowfullscreen\"><\/iframe><\/div>\n<\/td>\n<\/tr>\n<tr>\n<td><\/td>\n<\/tr>\n<\/tbody>\n<\/table>\n<p>&nbsp;<\/p>\n","protected":false},"excerpt":{"rendered":"<p>&nbsp; &nbsp; Navidad en Yamas\u00e1 &#8211; 2014 Una vez m\u00e1s le damos gracias a Dios por permitir el cumplimiento de esta obra con los ni\u00f1os de la comunidad del \u00abCercadillo\u00bb, en Yamas\u00e1. Aprovechamos para agradecer a todos los hermanos y patrocinadores que hacen esto posible. \u00datiles Escolares &#8211; 2014 Visita anual del Ministerio de Ayuda [&hellip;]<\/p>\n","protected":false},"author":1,"featured_media":0,"parent":1329,"menu_order":100,"comment_status":"closed","ping_status":"closed","template":"","meta":{"footnotes":""},"class_list":["post-152","page","type-page","status-publish","hentry"],"_links":{"self":[{"href":"http:\/\/www.manosdepaz.org\/index.php?rest_route=\/wp\/v2\/pages\/152"}],"collection":[{"href":"http:\/\/www.manosdepaz.org\/index.php?rest_route=\/wp\/v2\/pages"}],"about":[{"href":"http:\/\/www.manosdepaz.org\/index.php?rest_route=\/wp\/v2\/types\/page"}],"author":[{"embeddable":true,"href":"http:\/\/www.manosdepaz.org\/index.php?rest_route=\/wp\/v2\/users\/1"}],"replies":[{"embeddable":true,"href":"http:\/\/www.manosdepaz.org\/index.php?rest_route=%2Fwp%2Fv2%2Fcomments&post=152"}],"version-history":[{"count":44,"href":"http:\/\/www.manosdepaz.org\/index.php?rest_route=\/wp\/v2\/pages\/152\/revisions"}],"predecessor-version":[{"id":1240,"href":"http:\/\/www.manosdepaz.org\/index.php?rest_route=\/wp\/v2\/pages\/152\/revisions\/1240"}],"up":[{"embeddable":true,"href":"http:\/\/www.manosdepaz.org\/index.php?rest_route=\/wp\/v2\/pages\/1329"}],"wp:attachment":[{"href":"http:\/\/www.manosdepaz.org\/index.php?rest_route=%2Fwp%2Fv2%2Fmedia&parent=152"}],"curies":[{"name":"wp","href":"https:\/\/api.w.org\/{rel}","templated":true}]}}